{"id":2063,"date":"2020-04-22T08:10:45","date_gmt":"2020-04-22T08:10:45","guid":{"rendered":"https:\/\/spaziointeriore.com\/casaeditrice\/?page_id=2063"},"modified":"2020-10-03T22:03:09","modified_gmt":"2020-10-03T22:03:09","slug":"amuleti","status":"publish","type":"page","link":"https:\/\/www.spaziointeriore.com\/casaeditrice\/amuleti\/","title":{"rendered":"Amuleti"},"content":{"rendered":"<p>[vc_row][vc_column]<div class=\"columns_wrap sc_columns columns_nofluid sc_columns_count_1 aboutus margin_bottom_huge\" style=\"text-align:center;\"><div class=\"column-1_1 sc_column_item sc_column_item_1 odd first\" style=\"width: 800px;\"><h4 class=\"sc_title sc_title_iconed sc_align_center margin_top_small\" style=\"text-align:center;\"><span class=\"sc_title_icon sc_title_icon_left  sc_title_icon_medium\"><img decoding=\"async\" data-src=\"https:\/\/www.spaziointeriore.com\/casaeditrice\/wp-content\/uploads\/2020\/04\/logo-amuleti.jpg\" alt=\"\" src=\"data:image\/svg+xml;base64,PHN2ZyB3aWR0aD0iMSIgaGVpZ2h0PSIxIiB4bWxucz0iaHR0cDovL3d3dy53My5vcmcvMjAwMC9zdmciPjwvc3ZnPg==\" class=\"lazyload\" style=\"--smush-placeholder-width: 1230px; --smush-placeholder-aspect-ratio: 1230\/1217;\" \/><\/span><i>amuleti<\/i><\/h4>[vc_column_text css=&#8221;.vc_custom_1587543004046{margin-bottom: 45px !important;}&#8221; el_class=&#8221;gp-text&#8221;]<\/p>\n<p>Da\u00a0<em><strong>A-molior<\/strong><\/em>, &#8220;tener lontano&#8221;. Pi\u00f9 che ad allontanare qualcosa da noi, questa collana vuole tenerci lontano dalle verit\u00e0 precotte. Capita a volte di assistere a degli eventi fulminanti, epifanici, che ridisegnano il senso di un percorso. Si tratta di momenti straordinari di cui gli stessi autori diventano spettatori, e per un at\u00adtimo scompaiono, lasciando posto alla rivelazione. Per questo abbiamo deciso di raccogliere i testi delle con\u00adferenze di alcuni tra i maggiori\u00a0ricercatori in campo spirituale, artistico, letterario. L\u2019idea \u00e8 quella di offrire\u00a0un amuleto, un\u00a0<em><strong>medicamento tascabile\u00a0<\/strong><\/em>da portare con s\u00e9 e leggere durante la giornata. Per curarsi di s\u00e9 e da s\u00e9, e per\u00a0<em>tenersi sempre lontano<\/em>.<\/p>\n<p>[\/vc_column_text][vc_empty_space height=&#8221;1px&#8221;]<\/div><div class=\"column-1_1 sc_column_item sc_column_item_2 even\" style=\"width: 800px;\"><div class=\"woocommerce columns-4 \"><ul class=\"products columns-4\">\n<li class=\"product type-product post-5754 status-publish first instock product_cat-amuleti product_cat-ricerca-interiore-cat product_cat-roberta-sava-cat has-post-thumbnail shipping-taxable purchasable product-type-simple\">\n\t<a href=\"https:\/\/www.spaziointeriore.com\/casaeditrice\/catalogo\/anime-gemelle-o-anime-compagne-nuova-edizione\/\" class=\"woocommerce-LoopProduct-link woocommerce-loop-product__link\"><img decoding=\"async\" width=\"340\" height=\"520\" data-src=\"https:\/\/www.spaziointeriore.com\/casaeditrice\/wp-content\/uploads\/2023\/01\/anime-gemelle-o-anime-compagne-2ed-340x520.jpg\" class=\"attachment-woocommerce_thumbnail size-woocommerce_thumbnail lazyload\" alt=\"ANIME GEMELLE O ANIME COMPAGNE? (NUOVA EDIZIONE)\" data-srcset=\"https:\/\/www.spaziointeriore.com\/casaeditrice\/wp-content\/uploads\/2023\/01\/anime-gemelle-o-anime-compagne-2ed-340x520.jpg 340w, https:\/\/www.spaziointeriore.com\/casaeditrice\/wp-content\/uploads\/2023\/01\/anime-gemelle-o-anime-compagne-2ed-197x300.jpg 197w\" data-sizes=\"(max-width: 340px) 100vw, 340px\" src=\"data:image\/svg+xml;base64,PHN2ZyB3aWR0aD0iMSIgaGVpZ2h0PSIxIiB4bWxucz0iaHR0cDovL3d3dy53My5vcmcvMjAwMC9zdmciPjwvc3ZnPg==\" style=\"--smush-placeholder-width: 340px; --smush-placeholder-aspect-ratio: 340\/520;\" \/><div class='gp-author-cat-view'><a href='https:\/\/www.spaziointeriore.com\/casaeditrice\/roberta-sava\/'>Roberta Sava<\/a><\/div><h2 class=\"woocommerce-loop-product__title\">ANIME GEMELLE O ANIME COMPAGNE? (NUOVA EDIZIONE)<\/h2>\n\t<span class=\"price\"><span class=\"woocommerce-Price-amount amount\"><bdi>8,00<span class=\"woocommerce-Price-currencySymbol\">&euro;<\/span><\/bdi><\/span><\/span>\n<\/a><\/li>\n<li class=\"product type-product post-5074 status-publish instock product_cat-amuleti product_cat-andrea-panatta-cat product_cat-ricerca-interiore-cat has-post-thumbnail shipping-taxable purchasable product-type-simple\">\n\t<a href=\"https:\/\/www.spaziointeriore.com\/casaeditrice\/catalogo\/istruzioni-per-maghi-erranti-3-0\/\" class=\"woocommerce-LoopProduct-link woocommerce-loop-product__link\"><img decoding=\"async\" width=\"340\" height=\"520\" data-src=\"https:\/\/www.spaziointeriore.com\/casaeditrice\/wp-content\/uploads\/2021\/05\/istruzioni-per-maghi-erranti-3-0-340x520.jpg\" class=\"attachment-woocommerce_thumbnail size-woocommerce_thumbnail lazyload\" alt=\"ISTRUZIONI PER MAGHI ERRANTI 3.0\" data-srcset=\"https:\/\/www.spaziointeriore.com\/casaeditrice\/wp-content\/uploads\/2021\/05\/istruzioni-per-maghi-erranti-3-0-340x520.jpg 340w, https:\/\/www.spaziointeriore.com\/casaeditrice\/wp-content\/uploads\/2021\/05\/istruzioni-per-maghi-erranti-3-0-197x300.jpg 197w, https:\/\/www.spaziointeriore.com\/casaeditrice\/wp-content\/uploads\/2021\/05\/istruzioni-per-maghi-erranti-3-0.jpg 619w\" data-sizes=\"(max-width: 340px) 100vw, 340px\" src=\"data:image\/svg+xml;base64,PHN2ZyB3aWR0aD0iMSIgaGVpZ2h0PSIxIiB4bWxucz0iaHR0cDovL3d3dy53My5vcmcvMjAwMC9zdmciPjwvc3ZnPg==\" style=\"--smush-placeholder-width: 340px; --smush-placeholder-aspect-ratio: 340\/520;\" \/><div class='gp-author-cat-view'><a href='https:\/\/www.spaziointeriore.com\/casaeditrice\/andrea-panatta\/'>Andrea Panatta<\/a><\/div><h2 class=\"woocommerce-loop-product__title\">ISTRUZIONI PER MAGHI ERRANTI 3.0<\/h2>\n\t<span class=\"price\"><span class=\"woocommerce-Price-amount amount\"><bdi>7,00<span class=\"woocommerce-Price-currencySymbol\">&euro;<\/span><\/bdi><\/span><\/span>\n<\/a><\/li>\n<li class=\"product type-product post-5018 status-publish instock product_cat-amuleti product_cat-mauro-villone-cat has-post-thumbnail shipping-taxable purchasable product-type-simple\">\n\t<a href=\"https:\/\/www.spaziointeriore.com\/casaeditrice\/catalogo\/il-punto-di-vista-non-e-un-piano-bar\/\" class=\"woocommerce-LoopProduct-link woocommerce-loop-product__link\"><img decoding=\"async\" width=\"340\" height=\"520\" data-src=\"https:\/\/www.spaziointeriore.com\/casaeditrice\/wp-content\/uploads\/2021\/04\/il-punto-di-vista-non-e-un-piano-bar-340x520.jpg\" class=\"attachment-woocommerce_thumbnail size-woocommerce_thumbnail lazyload\" alt=\"IL PUNTO DI VISTA NON \u00c8 UN PIANO BAR\" src=\"data:image\/svg+xml;base64,PHN2ZyB3aWR0aD0iMSIgaGVpZ2h0PSIxIiB4bWxucz0iaHR0cDovL3d3dy53My5vcmcvMjAwMC9zdmciPjwvc3ZnPg==\" style=\"--smush-placeholder-width: 340px; --smush-placeholder-aspect-ratio: 340\/520;\" \/><div class='gp-author-cat-view'><a href='..\/team\/mauro-villone'>Mauro Vishva Tow\u00e9 Villone<\/a><\/div><h2 class=\"woocommerce-loop-product__title\">IL PUNTO DI VISTA NON \u00c8 UN PIANO BAR<\/h2>\n\t<span class=\"price\"><span class=\"woocommerce-Price-amount amount\"><bdi>7,00<span class=\"woocommerce-Price-currencySymbol\">&euro;<\/span><\/bdi><\/span><\/span>\n<\/a><\/li>\n<li class=\"product type-product post-4531 status-publish last instock product_cat-amuleti product_cat-dimensioni-della-coscienza-cat product_cat-ricerca-interiore-cat product_cat-umberto-di-grazia-cat has-post-thumbnail shipping-taxable purchasable product-type-simple\">\n\t<a href=\"https:\/\/www.spaziointeriore.com\/casaeditrice\/catalogo\/il-senso-del-sogno-2ed\/\" class=\"woocommerce-LoopProduct-link woocommerce-loop-product__link\"><img decoding=\"async\" width=\"340\" height=\"520\" data-src=\"https:\/\/www.spaziointeriore.com\/casaeditrice\/wp-content\/uploads\/2020\/10\/il-senso-del-sogno-2ed-340x520.jpg\" class=\"attachment-woocommerce_thumbnail size-woocommerce_thumbnail lazyload\" alt=\"IL SENSO DEL SOGNO\" data-srcset=\"https:\/\/www.spaziointeriore.com\/casaeditrice\/wp-content\/uploads\/2020\/10\/il-senso-del-sogno-2ed-340x520.jpg 340w, https:\/\/www.spaziointeriore.com\/casaeditrice\/wp-content\/uploads\/2020\/10\/il-senso-del-sogno-2ed-196x300.jpg 196w, https:\/\/www.spaziointeriore.com\/casaeditrice\/wp-content\/uploads\/2020\/10\/il-senso-del-sogno-2ed.jpg 523w\" data-sizes=\"(max-width: 340px) 100vw, 340px\" src=\"data:image\/svg+xml;base64,PHN2ZyB3aWR0aD0iMSIgaGVpZ2h0PSIxIiB4bWxucz0iaHR0cDovL3d3dy53My5vcmcvMjAwMC9zdmciPjwvc3ZnPg==\" style=\"--smush-placeholder-width: 340px; --smush-placeholder-aspect-ratio: 340\/520;\" \/><div class='gp-author-cat-view'><a href='https:\/\/www.spaziointeriore.com\/casaeditrice\/umberto-di-grazia\/'>Umberto Di Grazia<\/a><\/div><h2 class=\"woocommerce-loop-product__title\">IL SENSO DEL SOGNO<\/h2>\n\t<span class=\"price\"><span class=\"woocommerce-Price-amount amount\"><bdi>7,00<span class=\"woocommerce-Price-currencySymbol\">&euro;<\/span><\/bdi><\/span><\/span>\n<\/a><\/li>\n<li class=\"product type-product post-2318 status-publish first instock product_cat-amuleti product_cat-dimensioni-della-coscienza-cat product_cat-matteo-ficara-cat has-post-thumbnail shipping-taxable purchasable product-type-simple\">\n\t<a href=\"https:\/\/www.spaziointeriore.com\/casaeditrice\/catalogo\/andata-e-ritorno\/\" class=\"woocommerce-LoopProduct-link woocommerce-loop-product__link\"><img decoding=\"async\" width=\"340\" height=\"520\" data-src=\"https:\/\/www.spaziointeriore.com\/casaeditrice\/wp-content\/uploads\/2020\/08\/andata-e-ritorno-340x520.jpg\" class=\"attachment-woocommerce_thumbnail size-woocommerce_thumbnail lazyload\" alt=\"ANDATA E RITORNO\" src=\"data:image\/svg+xml;base64,PHN2ZyB3aWR0aD0iMSIgaGVpZ2h0PSIxIiB4bWxucz0iaHR0cDovL3d3dy53My5vcmcvMjAwMC9zdmciPjwvc3ZnPg==\" style=\"--smush-placeholder-width: 340px; --smush-placeholder-aspect-ratio: 340\/520;\" \/><div class='gp-author-cat-view'><a href='https:\/\/www.spaziointeriore.com\/casaeditrice\/matteo-ficara\/'>Matteo Ficara<\/a><\/div><h2 class=\"woocommerce-loop-product__title\">ANDATA E RITORNO<\/h2>\n\t<span class=\"price\"><span class=\"woocommerce-Price-amount amount\"><bdi>7,00<span class=\"woocommerce-Price-currencySymbol\">&euro;<\/span><\/bdi><\/span><\/span>\n<\/a><\/li>\n<li class=\"product type-product post-2937 status-publish instock product_cat-amuleti product_cat-ricerca-interiore-cat product_cat-william-samuel-cat has-post-thumbnail shipping-taxable purchasable product-type-simple\">\n\t<a href=\"https:\/\/www.spaziointeriore.com\/casaeditrice\/catalogo\/22realta\/\" class=\"woocommerce-LoopProduct-link woocommerce-loop-product__link\"><img decoding=\"async\" width=\"340\" height=\"520\" data-src=\"https:\/\/www.spaziointeriore.com\/casaeditrice\/wp-content\/uploads\/2020\/08\/22realta-340x520.jpg\" class=\"attachment-woocommerce_thumbnail size-woocommerce_thumbnail lazyload\" alt=\"2+2=REALT\u00c0\" data-srcset=\"https:\/\/www.spaziointeriore.com\/casaeditrice\/wp-content\/uploads\/2020\/08\/22realta-340x520.jpg 340w, https:\/\/www.spaziointeriore.com\/casaeditrice\/wp-content\/uploads\/2020\/08\/22realta-197x300.jpg 197w\" data-sizes=\"(max-width: 340px) 100vw, 340px\" src=\"data:image\/svg+xml;base64,PHN2ZyB3aWR0aD0iMSIgaGVpZ2h0PSIxIiB4bWxucz0iaHR0cDovL3d3dy53My5vcmcvMjAwMC9zdmciPjwvc3ZnPg==\" style=\"--smush-placeholder-width: 340px; --smush-placeholder-aspect-ratio: 340\/520;\" \/><div class='gp-author-cat-view'><a href='https:\/\/www.spaziointeriore.com\/casaeditrice\/william-samuel\/'>William Samuel<\/a><\/div><h2 class=\"woocommerce-loop-product__title\">2+2=REALT\u00c0<\/h2>\n\t<span class=\"price\"><span class=\"woocommerce-Price-amount amount\"><bdi>7,00<span class=\"woocommerce-Price-currencySymbol\">&euro;<\/span><\/bdi><\/span><\/span>\n<\/a><\/li>\n<li class=\"product type-product post-2922 status-publish instock product_cat-amuleti product_cat-gabriele-policardo-cat product_cat-ricerca-interiore-cat has-post-thumbnail shipping-taxable purchasable product-type-simple\">\n\t<a href=\"https:\/\/www.spaziointeriore.com\/casaeditrice\/catalogo\/anche-i-soldi-hanno-unanima\/\" class=\"woocommerce-LoopProduct-link woocommerce-loop-product__link\"><img decoding=\"async\" width=\"340\" height=\"520\" data-src=\"https:\/\/www.spaziointeriore.com\/casaeditrice\/wp-content\/uploads\/2020\/08\/anche-i-soldi-hanno-un-anima-340x520.jpg\" class=\"attachment-woocommerce_thumbnail size-woocommerce_thumbnail lazyload\" alt=\"ANCHE I SOLDI HANNO UN&#039;ANIMA\" data-srcset=\"https:\/\/www.spaziointeriore.com\/casaeditrice\/wp-content\/uploads\/2020\/08\/anche-i-soldi-hanno-un-anima-340x520.jpg 340w, https:\/\/www.spaziointeriore.com\/casaeditrice\/wp-content\/uploads\/2020\/08\/anche-i-soldi-hanno-un-anima-197x300.jpg 197w\" data-sizes=\"(max-width: 340px) 100vw, 340px\" src=\"data:image\/svg+xml;base64,PHN2ZyB3aWR0aD0iMSIgaGVpZ2h0PSIxIiB4bWxucz0iaHR0cDovL3d3dy53My5vcmcvMjAwMC9zdmciPjwvc3ZnPg==\" style=\"--smush-placeholder-width: 340px; --smush-placeholder-aspect-ratio: 340\/520;\" \/><div class='gp-author-cat-view'><a href='https:\/\/www.spaziointeriore.com\/casaeditrice\/gabriele-policardo\/'>Gabriele Policardo<\/a><\/div><h2 class=\"woocommerce-loop-product__title\">ANCHE I SOLDI HANNO UN&#8217;ANIMA<\/h2>\n\t<span class=\"price\"><span class=\"woocommerce-Price-amount amount\"><bdi>9,00<span class=\"woocommerce-Price-currencySymbol\">&euro;<\/span><\/bdi><\/span><\/span>\n<\/a><\/li>\n<li class=\"product type-product post-2916 status-publish last instock product_cat-amuleti product_cat-dafna-moscati-cat product_cat-letteratura-di-risveglio-cat has-post-thumbnail shipping-taxable purchasable product-type-simple\">\n\t<a href=\"https:\/\/www.spaziointeriore.com\/casaeditrice\/catalogo\/perche-mi-ha-morso-una-scimmia\/\" class=\"woocommerce-LoopProduct-link woocommerce-loop-product__link\"><img decoding=\"async\" width=\"340\" height=\"520\" data-src=\"https:\/\/www.spaziointeriore.com\/casaeditrice\/wp-content\/uploads\/2020\/08\/perche-mi-ha-morso-una-scimmia-340x520.jpg\" class=\"attachment-woocommerce_thumbnail size-woocommerce_thumbnail lazyload\" alt=\"PERCH\u00c9 MI HA MORSO UNA SCIMMIA\" data-srcset=\"https:\/\/www.spaziointeriore.com\/casaeditrice\/wp-content\/uploads\/2020\/08\/perche-mi-ha-morso-una-scimmia-340x520.jpg 340w, https:\/\/www.spaziointeriore.com\/casaeditrice\/wp-content\/uploads\/2020\/08\/perche-mi-ha-morso-una-scimmia-197x300.jpg 197w\" data-sizes=\"(max-width: 340px) 100vw, 340px\" src=\"data:image\/svg+xml;base64,PHN2ZyB3aWR0aD0iMSIgaGVpZ2h0PSIxIiB4bWxucz0iaHR0cDovL3d3dy53My5vcmcvMjAwMC9zdmciPjwvc3ZnPg==\" style=\"--smush-placeholder-width: 340px; --smush-placeholder-aspect-ratio: 340\/520;\" \/><div class='gp-author-cat-view'><a href='https:\/\/www.spaziointeriore.com\/casaeditrice\/dafna-moscati\/'>Dafna Moscati<\/a><\/div><h2 class=\"woocommerce-loop-product__title\">PERCH\u00c9 MI HA MORSO UNA SCIMMIA<\/h2>\n\t<span class=\"price\"><span class=\"woocommerce-Price-amount amount\"><bdi>9,00<span class=\"woocommerce-Price-currencySymbol\">&euro;<\/span><\/bdi><\/span><\/span>\n<\/a><\/li>\n<li class=\"product type-product post-2898 status-publish first instock product_cat-amuleti product_cat-andrea-panatta-cat product_cat-ricerca-interiore-cat has-post-thumbnail shipping-taxable purchasable product-type-simple\">\n\t<a href=\"https:\/\/www.spaziointeriore.com\/casaeditrice\/catalogo\/istruzioni-per-maghi-erranti-2-0\/\" class=\"woocommerce-LoopProduct-link woocommerce-loop-product__link\"><img decoding=\"async\" width=\"340\" height=\"520\" data-src=\"https:\/\/www.spaziointeriore.com\/casaeditrice\/wp-content\/uploads\/2020\/08\/istruzioni-per-maghi-erranti-2-0-340x520.jpg\" class=\"attachment-woocommerce_thumbnail size-woocommerce_thumbnail lazyload\" alt=\"ISTRUZIONI PER MAGHI ERRANTI 2.0\" data-srcset=\"https:\/\/www.spaziointeriore.com\/casaeditrice\/wp-content\/uploads\/2020\/08\/istruzioni-per-maghi-erranti-2-0-340x520.jpg 340w, https:\/\/www.spaziointeriore.com\/casaeditrice\/wp-content\/uploads\/2020\/08\/istruzioni-per-maghi-erranti-2-0-197x300.jpg 197w\" data-sizes=\"(max-width: 340px) 100vw, 340px\" src=\"data:image\/svg+xml;base64,PHN2ZyB3aWR0aD0iMSIgaGVpZ2h0PSIxIiB4bWxucz0iaHR0cDovL3d3dy53My5vcmcvMjAwMC9zdmciPjwvc3ZnPg==\" style=\"--smush-placeholder-width: 340px; --smush-placeholder-aspect-ratio: 340\/520;\" \/><div class='gp-author-cat-view'><a href='https:\/\/www.spaziointeriore.com\/casaeditrice\/andrea-panatta\/'>Andrea Panatta<\/a><\/div><h2 class=\"woocommerce-loop-product__title\">ISTRUZIONI PER MAGHI ERRANTI 2.0<\/h2>\n\t<span class=\"price\"><span class=\"woocommerce-Price-amount amount\"><bdi>9,00<span class=\"woocommerce-Price-currencySymbol\">&euro;<\/span><\/bdi><\/span><\/span>\n<\/a><\/li>\n<li class=\"product type-product post-2662 status-publish instock product_cat-amuleti product_cat-gabriele-policardo-cat product_cat-guarigione-olistica-cat has-post-thumbnail shipping-taxable purchasable product-type-simple\">\n\t<a href=\"https:\/\/www.spaziointeriore.com\/casaeditrice\/catalogo\/la-malattia-come-relazione-sospesa\/\" class=\"woocommerce-LoopProduct-link woocommerce-loop-product__link\"><img decoding=\"async\" width=\"340\" height=\"520\" data-src=\"https:\/\/www.spaziointeriore.com\/casaeditrice\/wp-content\/uploads\/2020\/10\/la-malattia-come-relazione-sospesa-340x520.jpg\" class=\"attachment-woocommerce_thumbnail size-woocommerce_thumbnail lazyload\" alt=\"LA MALATTIA COME RELAZIONE SOSPESA\" data-srcset=\"https:\/\/www.spaziointeriore.com\/casaeditrice\/wp-content\/uploads\/2020\/10\/la-malattia-come-relazione-sospesa-340x520.jpg 340w, https:\/\/www.spaziointeriore.com\/casaeditrice\/wp-content\/uploads\/2020\/10\/la-malattia-come-relazione-sospesa-197x300.jpg 197w\" data-sizes=\"(max-width: 340px) 100vw, 340px\" src=\"data:image\/svg+xml;base64,PHN2ZyB3aWR0aD0iMSIgaGVpZ2h0PSIxIiB4bWxucz0iaHR0cDovL3d3dy53My5vcmcvMjAwMC9zdmciPjwvc3ZnPg==\" style=\"--smush-placeholder-width: 340px; --smush-placeholder-aspect-ratio: 340\/520;\" \/><div class='gp-author-cat-view'><a href='https:\/\/www.spaziointeriore.com\/casaeditrice\/gabriele-policardo\/'>Gabriele Policardo<\/a><\/div><h2 class=\"woocommerce-loop-product__title\">LA MALATTIA COME RELAZIONE SOSPESA<\/h2>\n\t<span class=\"price\"><span class=\"woocommerce-Price-amount amount\"><bdi>9,00<span class=\"woocommerce-Price-currencySymbol\">&euro;<\/span><\/bdi><\/span><\/span>\n<\/a><\/li>\n<li class=\"product type-product post-2624 status-publish instock product_cat-amuleti product_cat-andrea-zurlini-cat product_cat-federica-ronchi-cat product_cat-guarigione-olistica-cat has-post-thumbnail shipping-taxable purchasable product-type-simple\">\n\t<a href=\"https:\/\/www.spaziointeriore.com\/casaeditrice\/catalogo\/riti-quotidiani-di-risveglio\/\" class=\"woocommerce-LoopProduct-link woocommerce-loop-product__link\"><img decoding=\"async\" width=\"340\" height=\"520\" data-src=\"https:\/\/www.spaziointeriore.com\/casaeditrice\/wp-content\/uploads\/2020\/10\/riti-quotidiani-di-risveglio-340x520.jpg\" class=\"attachment-woocommerce_thumbnail size-woocommerce_thumbnail lazyload\" alt=\"RITI QUOTIDIANI DI RISVEGLIO\" data-srcset=\"https:\/\/www.spaziointeriore.com\/casaeditrice\/wp-content\/uploads\/2020\/10\/riti-quotidiani-di-risveglio-340x520.jpg 340w, https:\/\/www.spaziointeriore.com\/casaeditrice\/wp-content\/uploads\/2020\/10\/riti-quotidiani-di-risveglio-197x300.jpg 197w, https:\/\/www.spaziointeriore.com\/casaeditrice\/wp-content\/uploads\/2020\/10\/riti-quotidiani-di-risveglio.jpg 524w\" data-sizes=\"(max-width: 340px) 100vw, 340px\" src=\"data:image\/svg+xml;base64,PHN2ZyB3aWR0aD0iMSIgaGVpZ2h0PSIxIiB4bWxucz0iaHR0cDovL3d3dy53My5vcmcvMjAwMC9zdmciPjwvc3ZnPg==\" style=\"--smush-placeholder-width: 340px; --smush-placeholder-aspect-ratio: 340\/520;\" \/><div class='gp-author-cat-view'><a href='https:\/\/www.spaziointeriore.com\/casaeditrice\/andrea-zurlini\/'>Andrea Zurlini<\/a>, <a href='https:\/\/www.spaziointeriore.com\/casaeditrice\/federica-ronchi\/'>Federica Ronchi<\/a><\/div><h2 class=\"woocommerce-loop-product__title\">RITI QUOTIDIANI DI RISVEGLIO<\/h2>\n\t<span class=\"price\"><span class=\"woocommerce-Price-amount amount\"><bdi>8,00<span class=\"woocommerce-Price-currencySymbol\">&euro;<\/span><\/bdi><\/span><\/span>\n<\/a><\/li>\n<li class=\"product type-product post-2627 status-publish last instock product_cat-amuleti product_cat-corrado-malanga-cat product_cat-ricerca-interiore-cat product_cat-scienze-di-confine-cat has-post-thumbnail shipping-taxable purchasable product-type-simple\">\n\t<a href=\"https:\/\/www.spaziointeriore.com\/casaeditrice\/catalogo\/il-mondo-felice-non-e-utopia\/\" class=\"woocommerce-LoopProduct-link woocommerce-loop-product__link\"><img decoding=\"async\" width=\"340\" height=\"520\" data-src=\"https:\/\/www.spaziointeriore.com\/casaeditrice\/wp-content\/uploads\/2020\/10\/il-mondo-felice-non-e-utopia-340x520.jpg\" class=\"attachment-woocommerce_thumbnail size-woocommerce_thumbnail lazyload\" alt=\"IL MONDO FELICE NON \u00c8 UTOPIA\" data-srcset=\"https:\/\/www.spaziointeriore.com\/casaeditrice\/wp-content\/uploads\/2020\/10\/il-mondo-felice-non-e-utopia-340x520.jpg 340w, https:\/\/www.spaziointeriore.com\/casaeditrice\/wp-content\/uploads\/2020\/10\/il-mondo-felice-non-e-utopia-197x300.jpg 197w\" data-sizes=\"(max-width: 340px) 100vw, 340px\" src=\"data:image\/svg+xml;base64,PHN2ZyB3aWR0aD0iMSIgaGVpZ2h0PSIxIiB4bWxucz0iaHR0cDovL3d3dy53My5vcmcvMjAwMC9zdmciPjwvc3ZnPg==\" style=\"--smush-placeholder-width: 340px; --smush-placeholder-aspect-ratio: 340\/520;\" \/><div class='gp-author-cat-view'><a href='https:\/\/www.spaziointeriore.com\/casaeditrice\/corrado-malanga\/'>Corrado Malanga<\/a><\/div><h2 class=\"woocommerce-loop-product__title\">IL MONDO FELICE NON \u00c8 UTOPIA<\/h2>\n\t<span class=\"price\"><span class=\"woocommerce-Price-amount amount\"><bdi>7,00<span class=\"woocommerce-Price-currencySymbol\">&euro;<\/span><\/bdi><\/span><\/span>\n<\/a><\/li>\n<li class=\"product type-product post-2630 status-publish first instock product_cat-amuleti product_cat-gabriele-policardo-cat product_cat-guarigione-olistica-cat has-post-thumbnail shipping-taxable purchasable product-type-simple\">\n\t<a href=\"https:\/\/www.spaziointeriore.com\/casaeditrice\/catalogo\/discorso-sul-sintomo\/\" class=\"woocommerce-LoopProduct-link woocommerce-loop-product__link\"><img decoding=\"async\" width=\"340\" height=\"520\" data-src=\"https:\/\/www.spaziointeriore.com\/casaeditrice\/wp-content\/uploads\/2020\/10\/discorso-sul-sintomo-340x520.jpg\" class=\"attachment-woocommerce_thumbnail size-woocommerce_thumbnail lazyload\" alt=\"DISCORSO SUL SINTOMO\" data-srcset=\"https:\/\/www.spaziointeriore.com\/casaeditrice\/wp-content\/uploads\/2020\/10\/discorso-sul-sintomo-340x520.jpg 340w, https:\/\/www.spaziointeriore.com\/casaeditrice\/wp-content\/uploads\/2020\/10\/discorso-sul-sintomo-197x300.jpg 197w\" data-sizes=\"(max-width: 340px) 100vw, 340px\" src=\"data:image\/svg+xml;base64,PHN2ZyB3aWR0aD0iMSIgaGVpZ2h0PSIxIiB4bWxucz0iaHR0cDovL3d3dy53My5vcmcvMjAwMC9zdmciPjwvc3ZnPg==\" style=\"--smush-placeholder-width: 340px; --smush-placeholder-aspect-ratio: 340\/520;\" \/><div class='gp-author-cat-view'><a href='https:\/\/www.spaziointeriore.com\/casaeditrice\/gabriele-policardo\/'>Gabriele Policardo<\/a><\/div><h2 class=\"woocommerce-loop-product__title\">DISCORSO SUL SINTOMO<\/h2>\n\t<span class=\"price\"><span class=\"woocommerce-Price-amount amount\"><bdi>7,00<span class=\"woocommerce-Price-currencySymbol\">&euro;<\/span><\/bdi><\/span><\/span>\n<\/a><\/li>\n<li class=\"product type-product post-2633 status-publish instock product_cat-amuleti product_cat-carlo-magaletti-cat product_cat-lidia-fassio-cat product_cat-ricerca-interiore-cat has-post-thumbnail shipping-taxable purchasable product-type-simple\">\n\t<a href=\"https:\/\/www.spaziointeriore.com\/casaeditrice\/catalogo\/il-maestro-interiore\/\" class=\"woocommerce-LoopProduct-link woocommerce-loop-product__link\"><img decoding=\"async\" width=\"340\" height=\"520\" data-src=\"https:\/\/www.spaziointeriore.com\/casaeditrice\/wp-content\/uploads\/2020\/10\/il-maestro-interiore-340x520.jpg\" class=\"attachment-woocommerce_thumbnail size-woocommerce_thumbnail lazyload\" alt=\"IL MAESTRO INTERIORE\" data-srcset=\"https:\/\/www.spaziointeriore.com\/casaeditrice\/wp-content\/uploads\/2020\/10\/il-maestro-interiore-340x520.jpg 340w, https:\/\/www.spaziointeriore.com\/casaeditrice\/wp-content\/uploads\/2020\/10\/il-maestro-interiore-197x300.jpg 197w\" data-sizes=\"(max-width: 340px) 100vw, 340px\" src=\"data:image\/svg+xml;base64,PHN2ZyB3aWR0aD0iMSIgaGVpZ2h0PSIxIiB4bWxucz0iaHR0cDovL3d3dy53My5vcmcvMjAwMC9zdmciPjwvc3ZnPg==\" style=\"--smush-placeholder-width: 340px; --smush-placeholder-aspect-ratio: 340\/520;\" \/><div class='gp-author-cat-view'><a href='https:\/\/www.spaziointeriore.com\/casaeditrice\/lidia-fassio\/'>Lidia Fassio<\/a>, <a href='https:\/\/www.spaziointeriore.com\/casaeditrice\/carlo-magaletti\/'>Carlo Magaletti<\/a><\/div><h2 class=\"woocommerce-loop-product__title\">IL MAESTRO INTERIORE<\/h2>\n\t<span class=\"price\"><span class=\"woocommerce-Price-amount amount\"><bdi>7,00<span class=\"woocommerce-Price-currencySymbol\">&euro;<\/span><\/bdi><\/span><\/span>\n<\/a><\/li>\n<li class=\"product type-product post-2636 status-publish instock product_cat-amuleti product_cat-andrea-panatta-cat product_cat-ricerca-interiore-cat has-post-thumbnail shipping-taxable purchasable product-type-simple\">\n\t<a href=\"https:\/\/www.spaziointeriore.com\/casaeditrice\/catalogo\/istruzioni-per-maghi-erranti\/\" class=\"woocommerce-LoopProduct-link woocommerce-loop-product__link\"><img decoding=\"async\" width=\"340\" height=\"520\" data-src=\"https:\/\/www.spaziointeriore.com\/casaeditrice\/wp-content\/uploads\/2020\/10\/istruzioni-per-maghi-erranti-340x520.jpg\" class=\"attachment-woocommerce_thumbnail size-woocommerce_thumbnail lazyload\" alt=\"ISTRUZIONI PER MAGHI ERRANTI\" data-srcset=\"https:\/\/www.spaziointeriore.com\/casaeditrice\/wp-content\/uploads\/2020\/10\/istruzioni-per-maghi-erranti-340x520.jpg 340w, https:\/\/www.spaziointeriore.com\/casaeditrice\/wp-content\/uploads\/2020\/10\/istruzioni-per-maghi-erranti-197x300.jpg 197w\" data-sizes=\"(max-width: 340px) 100vw, 340px\" src=\"data:image\/svg+xml;base64,PHN2ZyB3aWR0aD0iMSIgaGVpZ2h0PSIxIiB4bWxucz0iaHR0cDovL3d3dy53My5vcmcvMjAwMC9zdmciPjwvc3ZnPg==\" style=\"--smush-placeholder-width: 340px; --smush-placeholder-aspect-ratio: 340\/520;\" \/><div class='gp-author-cat-view'><a href='https:\/\/www.spaziointeriore.com\/casaeditrice\/andrea-panatta\/'>Andrea Panatta<\/a><\/div><h2 class=\"woocommerce-loop-product__title\">ISTRUZIONI PER MAGHI ERRANTI<\/h2>\n\t<span class=\"price\"><span class=\"woocommerce-Price-amount amount\"><bdi>7,00<span class=\"woocommerce-Price-currencySymbol\">&euro;<\/span><\/bdi><\/span><\/span>\n<\/a><\/li>\n<li class=\"product type-product post-2639 status-publish last instock product_cat-amuleti product_cat-igor-sibaldi-cat product_cat-letteratura-di-risveglio-cat has-post-thumbnail shipping-taxable purchasable product-type-simple\">\n\t<a href=\"https:\/\/www.spaziointeriore.com\/casaeditrice\/catalogo\/la-scrittura-del-dio\/\" class=\"woocommerce-LoopProduct-link woocommerce-loop-product__link\"><img decoding=\"async\" width=\"340\" height=\"520\" data-src=\"https:\/\/www.spaziointeriore.com\/casaeditrice\/wp-content\/uploads\/2020\/10\/la-scrittura-del-dio-340x520.jpg\" class=\"attachment-woocommerce_thumbnail size-woocommerce_thumbnail lazyload\" alt=\"LA SCRITTURA DEL DIO\" src=\"data:image\/svg+xml;base64,PHN2ZyB3aWR0aD0iMSIgaGVpZ2h0PSIxIiB4bWxucz0iaHR0cDovL3d3dy53My5vcmcvMjAwMC9zdmciPjwvc3ZnPg==\" style=\"--smush-placeholder-width: 340px; --smush-placeholder-aspect-ratio: 340\/520;\" \/><div class='gp-author-cat-view'><a href='https:\/\/www.spaziointeriore.com\/casaeditrice\/igor-sibaldi\/'>Igor Sibaldi<\/a><\/div><h2 class=\"woocommerce-loop-product__title\">LA SCRITTURA DEL DIO<\/h2>\n\t<span class=\"price\"><span class=\"woocommerce-Price-amount amount\"><bdi>7,00<span class=\"woocommerce-Price-currencySymbol\">&euro;<\/span><\/bdi><\/span><\/span>\n<\/a><\/li>\n<li class=\"product type-product post-2556 status-publish first instock product_cat-amuleti product_cat-dimensioni-della-coscienza-cat product_cat-ricerca-interiore-cat product_cat-umberto-di-grazia-cat has-post-thumbnail shipping-taxable purchasable product-type-simple\">\n\t<a href=\"https:\/\/www.spaziointeriore.com\/casaeditrice\/catalogo\/il-senso-del-sogno\/\" class=\"woocommerce-LoopProduct-link woocommerce-loop-product__link\"><img decoding=\"async\" width=\"340\" height=\"520\" data-src=\"https:\/\/www.spaziointeriore.com\/casaeditrice\/wp-content\/uploads\/2020\/10\/il-senso-del-sogno-340x520.jpg\" class=\"attachment-woocommerce_thumbnail size-woocommerce_thumbnail lazyload\" alt=\"IL SENSO DEL SOGNO\" src=\"data:image\/svg+xml;base64,PHN2ZyB3aWR0aD0iMSIgaGVpZ2h0PSIxIiB4bWxucz0iaHR0cDovL3d3dy53My5vcmcvMjAwMC9zdmciPjwvc3ZnPg==\" style=\"--smush-placeholder-width: 340px; --smush-placeholder-aspect-ratio: 340\/520;\" \/><div class='gp-author-cat-view'><a href='https:\/\/www.spaziointeriore.com\/casaeditrice\/umberto-di-grazia\/'>Umberto Di Grazia<\/a><\/div><h2 class=\"woocommerce-loop-product__title\">IL SENSO DEL SOGNO<\/h2>\n\t<span class=\"price\"><span class=\"woocommerce-Price-amount amount\"><bdi>5,00<span class=\"woocommerce-Price-currencySymbol\">&euro;<\/span><\/bdi><\/span><\/span>\n<\/a><\/li>\n<li class=\"product type-product post-2644 status-publish instock product_cat-amuleti product_cat-igor-sibaldi-cat product_cat-ricerca-interiore-cat has-post-thumbnail shipping-taxable purchasable product-type-simple\">\n\t<a href=\"https:\/\/www.spaziointeriore.com\/casaeditrice\/catalogo\/discorso-sullinfinito\/\" class=\"woocommerce-LoopProduct-link woocommerce-loop-product__link\"><img decoding=\"async\" width=\"340\" height=\"520\" data-src=\"https:\/\/www.spaziointeriore.com\/casaeditrice\/wp-content\/uploads\/2020\/10\/discorso-sull-infinito-340x520.jpg\" class=\"attachment-woocommerce_thumbnail size-woocommerce_thumbnail lazyload\" alt=\"DISCORSO SULL&#039;INFINITO\" data-srcset=\"https:\/\/www.spaziointeriore.com\/casaeditrice\/wp-content\/uploads\/2020\/10\/discorso-sull-infinito-340x520.jpg 340w, https:\/\/www.spaziointeriore.com\/casaeditrice\/wp-content\/uploads\/2020\/10\/discorso-sull-infinito-197x300.jpg 197w\" data-sizes=\"(max-width: 340px) 100vw, 340px\" src=\"data:image\/svg+xml;base64,PHN2ZyB3aWR0aD0iMSIgaGVpZ2h0PSIxIiB4bWxucz0iaHR0cDovL3d3dy53My5vcmcvMjAwMC9zdmciPjwvc3ZnPg==\" style=\"--smush-placeholder-width: 340px; --smush-placeholder-aspect-ratio: 340\/520;\" \/><div class='gp-author-cat-view'><a href='https:\/\/www.spaziointeriore.com\/casaeditrice\/igor-sibaldi\/'>Igor Sibaldi<\/a><\/div><h2 class=\"woocommerce-loop-product__title\">DISCORSO SULL&#8217;INFINITO<\/h2>\n\t<span class=\"price\"><span class=\"woocommerce-Price-amount amount\"><bdi>8,00<span class=\"woocommerce-Price-currencySymbol\">&euro;<\/span><\/bdi><\/span><\/span>\n<\/a><\/li>\n<li class=\"product type-product post-2647 status-publish instock product_cat-amuleti product_cat-corrado-malanga-cat product_cat-scienze-di-confine-cat has-post-thumbnail shipping-taxable purchasable product-type-simple\">\n\t<a href=\"https:\/\/www.spaziointeriore.com\/casaeditrice\/catalogo\/coscienza\/\" class=\"woocommerce-LoopProduct-link woocommerce-loop-product__link\"><img decoding=\"async\" width=\"340\" height=\"520\" data-src=\"https:\/\/www.spaziointeriore.com\/casaeditrice\/wp-content\/uploads\/2020\/10\/coscienza-340x520.jpg\" class=\"attachment-woocommerce_thumbnail size-woocommerce_thumbnail lazyload\" alt=\"COSCIENZA\" src=\"data:image\/svg+xml;base64,PHN2ZyB3aWR0aD0iMSIgaGVpZ2h0PSIxIiB4bWxucz0iaHR0cDovL3d3dy53My5vcmcvMjAwMC9zdmciPjwvc3ZnPg==\" style=\"--smush-placeholder-width: 340px; --smush-placeholder-aspect-ratio: 340\/520;\" \/><div class='gp-author-cat-view'><a href='https:\/\/www.spaziointeriore.com\/casaeditrice\/corrado-malanga\/'>Corrado Malanga<\/a><\/div><h2 class=\"woocommerce-loop-product__title\">COSCIENZA<\/h2>\n\t<span class=\"price\"><span class=\"woocommerce-Price-amount amount\"><bdi>5,00<span class=\"woocommerce-Price-currencySymbol\">&euro;<\/span><\/bdi><\/span><\/span>\n<\/a><\/li>\n<li class=\"product type-product post-2650 status-publish last instock product_cat-amuleti product_cat-ricerca-interiore-cat product_cat-roberta-sava-cat has-post-thumbnail shipping-taxable purchasable product-type-simple\">\n\t<a href=\"https:\/\/www.spaziointeriore.com\/casaeditrice\/catalogo\/anime-gemelle-o-anime-compagne\/\" class=\"woocommerce-LoopProduct-link woocommerce-loop-product__link\"><img decoding=\"async\" width=\"340\" height=\"520\" data-src=\"https:\/\/www.spaziointeriore.com\/casaeditrice\/wp-content\/uploads\/2020\/10\/anime-gemelle-o-anime-compagne-340x520.jpg\" class=\"attachment-woocommerce_thumbnail size-woocommerce_thumbnail lazyload\" alt=\"ANIME GEMELLE O ANIME COMPAGNE?\" src=\"data:image\/svg+xml;base64,PHN2ZyB3aWR0aD0iMSIgaGVpZ2h0PSIxIiB4bWxucz0iaHR0cDovL3d3dy53My5vcmcvMjAwMC9zdmciPjwvc3ZnPg==\" style=\"--smush-placeholder-width: 340px; --smush-placeholder-aspect-ratio: 340\/520;\" \/><div class='gp-author-cat-view'><a href='https:\/\/www.spaziointeriore.com\/casaeditrice\/roberta-sava\/'>Roberta Sava<\/a><\/div><h2 class=\"woocommerce-loop-product__title\">ANIME GEMELLE O ANIME COMPAGNE?<\/h2>\n\t<span class=\"price\"><span class=\"woocommerce-Price-amount amount\"><bdi>5,00<span class=\"woocommerce-Price-currencySymbol\">&euro;<\/span><\/bdi><\/span><\/span>\n<\/a><\/li>\n<li class=\"product type-product post-2653 status-publish first instock product_cat-amuleti product_cat-carlo-magaletti-cat product_cat-ricerca-interiore-cat has-post-thumbnail shipping-taxable purchasable product-type-simple\">\n\t<a href=\"https:\/\/www.spaziointeriore.com\/casaeditrice\/catalogo\/maestri-di-se-stessi\/\" class=\"woocommerce-LoopProduct-link woocommerce-loop-product__link\"><img decoding=\"async\" width=\"340\" height=\"520\" data-src=\"https:\/\/www.spaziointeriore.com\/casaeditrice\/wp-content\/uploads\/2020\/10\/maestri-di-se-stessi-340x520.jpg\" class=\"attachment-woocommerce_thumbnail size-woocommerce_thumbnail lazyload\" alt=\"MAESTRI DI SE STESSI\" src=\"data:image\/svg+xml;base64,PHN2ZyB3aWR0aD0iMSIgaGVpZ2h0PSIxIiB4bWxucz0iaHR0cDovL3d3dy53My5vcmcvMjAwMC9zdmciPjwvc3ZnPg==\" style=\"--smush-placeholder-width: 340px; --smush-placeholder-aspect-ratio: 340\/520;\" \/><div class='gp-author-cat-view'><a href='https:\/\/www.spaziointeriore.com\/casaeditrice\/carlo-magaletti\/'>Carlo Magaletti<\/a><\/div><h2 class=\"woocommerce-loop-product__title\">MAESTRI DI SE STESSI<\/h2>\n\t<span class=\"price\"><span class=\"woocommerce-Price-amount amount\"><bdi>3,00<span class=\"woocommerce-Price-currencySymbol\">&euro;<\/span><\/bdi><\/span><\/span>\n<\/a><\/li>\n<li class=\"product type-product post-2656 status-publish instock product_cat-amuleti product_cat-lidia-fassio-cat product_cat-ricerca-interiore-cat has-post-thumbnail shipping-taxable purchasable product-type-simple\">\n\t<a href=\"https:\/\/www.spaziointeriore.com\/casaeditrice\/catalogo\/innamoramento-e-creativita\/\" class=\"woocommerce-LoopProduct-link woocommerce-loop-product__link\"><img decoding=\"async\" width=\"340\" height=\"520\" data-src=\"https:\/\/www.spaziointeriore.com\/casaeditrice\/wp-content\/uploads\/2020\/10\/innamoramento-e-creativita-340x520.jpg\" class=\"attachment-woocommerce_thumbnail size-woocommerce_thumbnail lazyload\" alt=\"INNAMORAMENTO E CREATIVIT\u00c0\" src=\"data:image\/svg+xml;base64,PHN2ZyB3aWR0aD0iMSIgaGVpZ2h0PSIxIiB4bWxucz0iaHR0cDovL3d3dy53My5vcmcvMjAwMC9zdmciPjwvc3ZnPg==\" style=\"--smush-placeholder-width: 340px; --smush-placeholder-aspect-ratio: 340\/520;\" \/><div class='gp-author-cat-view'><a href='https:\/\/www.spaziointeriore.com\/casaeditrice\/lidia-fassio\/'>Lidia Fassio<\/a><\/div><h2 class=\"woocommerce-loop-product__title\">INNAMORAMENTO E CREATIVIT\u00c0<\/h2>\n\t<span class=\"price\"><span class=\"woocommerce-Price-amount amount\"><bdi>3,00<span class=\"woocommerce-Price-currencySymbol\">&euro;<\/span><\/bdi><\/span><\/span>\n<\/a><\/li>\n<li class=\"product type-product post-2659 status-publish instock product_cat-amuleti product_cat-igor-sibaldi-cat product_cat-ricerca-interiore-cat has-post-thumbnail shipping-taxable purchasable product-type-simple\">\n\t<a href=\"https:\/\/www.spaziointeriore.com\/casaeditrice\/catalogo\/il-tuo-aldila-personale\/\" class=\"woocommerce-LoopProduct-link woocommerce-loop-product__link\"><img decoding=\"async\" width=\"340\" height=\"520\" data-src=\"https:\/\/www.spaziointeriore.com\/casaeditrice\/wp-content\/uploads\/2020\/10\/il-tuo-aldila-personale-340x520.jpg\" class=\"attachment-woocommerce_thumbnail size-woocommerce_thumbnail lazyload\" alt=\"IL TUO ALDIL\u00c0 PERSONALE\" src=\"data:image\/svg+xml;base64,PHN2ZyB3aWR0aD0iMSIgaGVpZ2h0PSIxIiB4bWxucz0iaHR0cDovL3d3dy53My5vcmcvMjAwMC9zdmciPjwvc3ZnPg==\" style=\"--smush-placeholder-width: 340px; --smush-placeholder-aspect-ratio: 340\/520;\" \/><div class='gp-author-cat-view'><a href='https:\/\/www.spaziointeriore.com\/casaeditrice\/igor-sibaldi\/'>Igor Sibaldi<\/a><\/div><h2 class=\"woocommerce-loop-product__title\">IL TUO ALDIL\u00c0 PERSONALE<\/h2>\n\t<span class=\"price\"><span class=\"woocommerce-Price-amount amount\"><bdi>5,00<span class=\"woocommerce-Price-currencySymbol\">&euro;<\/span><\/bdi><\/span><\/span>\n<\/a><\/li>\n<\/ul>\n<\/div><\/div><\/div>[\/vc_column][\/vc_row]<\/p>\n","protected":false},"excerpt":{"rendered":"<p>[vc_row][vc_column][\/vc_column][\/vc_row]<\/p>\n","protected":false},"author":1,"featured_media":4200,"parent":0,"menu_order":5,"comment_status":"closed","ping_status":"closed","template":"","meta":{"_acf_changed":false,"footnotes":""},"categories":[148,150],"tags":[],"class_list":["post-2063","page","type-page","status-publish","has-post-thumbnail","hentry","category-collane","category-collane-home"],"acf":[],"_links":{"self":[{"href":"https:\/\/www.spaziointeriore.com\/casaeditrice\/wp-json\/wp\/v2\/pages\/2063","targetHints":{"allow":["GET"]}}],"collection":[{"href":"https:\/\/www.spaziointeriore.com\/casaeditrice\/wp-json\/wp\/v2\/pages"}],"about":[{"href":"https:\/\/www.spaziointeriore.com\/casaeditrice\/wp-json\/wp\/v2\/types\/page"}],"author":[{"embeddable":true,"href":"https:\/\/www.spaziointeriore.com\/casaeditrice\/wp-json\/wp\/v2\/users\/1"}],"replies":[{"embeddable":true,"href":"https:\/\/www.spaziointeriore.com\/casaeditrice\/wp-json\/wp\/v2\/comments?post=2063"}],"version-history":[{"count":0,"href":"https:\/\/www.spaziointeriore.com\/casaeditrice\/wp-json\/wp\/v2\/pages\/2063\/revisions"}],"wp:featuredmedia":[{"embeddable":true,"href":"https:\/\/www.spaziointeriore.com\/casaeditrice\/wp-json\/wp\/v2\/media\/4200"}],"wp:attachment":[{"href":"https:\/\/www.spaziointeriore.com\/casaeditrice\/wp-json\/wp\/v2\/media?parent=2063"}],"wp:term":[{"taxonomy":"category","embeddable":true,"href":"https:\/\/www.spaziointeriore.com\/casaeditrice\/wp-json\/wp\/v2\/categories?post=2063"},{"taxonomy":"post_tag","embeddable":true,"href":"https:\/\/www.spaziointeriore.com\/casaeditrice\/wp-json\/wp\/v2\/tags?post=2063"}],"curies":[{"name":"wp","href":"https:\/\/api.w.org\/{rel}","templated":true}]}}