{"id":5826,"date":"2023-06-15T11:07:44","date_gmt":"2023-06-15T11:07:44","guid":{"rendered":"https:\/\/www.spaziointeriore.com\/casaeditrice\/catalogo\/il-vangelo-secondo-sebastiao-mota\/"},"modified":"2023-10-19T09:45:33","modified_gmt":"2023-10-19T09:45:33","slug":"il-vangelo-secondo-sebastiao-mota","status":"publish","type":"product","link":"https:\/\/www.spaziointeriore.com\/casaeditrice\/catalogo\/il-vangelo-secondo-sebastiao-mota\/","title":{"rendered":"IL VANGELO SECONDO SEBASTI\u00c3O MOTA"},"content":{"rendered":"<p>Tradotto per la prima volta in italiano e con il testo originale a fronte, il Vangelo di Sebasti\u00e3o Mota offre una visione profonda e umana di colui che \u00e8 stato un vero maestro spirituale, nonch\u00e9 uno dei maggiori punti di riferimento all\u2019interno della comunit\u00e0 del Santo Daime. Discepolo di Mestre Irineu Serra, il fondatore della religione del Santo Daime, Padrino Sebasti\u00e3o riesce qui a far rivivere gli insegnamenti della dottrina della foresta, pur con il linguaggio semplice di un siringueiro (lavoratore della gomma), e a trasmettere, come parte del proprio insegnamento, grande sapienza spirituale e doni profetici. Ancora oggi, a distanza di molto tempo, le sue parole confermano il suo potere profetico e l\u2019attualit\u00e0 dei suoi avvisi. Oltre a essere il libro di riferimento di molti daimisti che non hanno avuto il privilegio di ascoltarlo dal vivo, quest\u2019opera si rivela un piccolo scrigno in cui sono raccolte gemme di sapere in grado di arricchire chiunque. I precetti spirituali contenuti negli insegnamenti di questo Vangelo possono infatti costituire una valida fonte d\u2019ispirazione per tutti coloro che lavorano con seriet\u00e0 tanto nel Daime quanto nei rituali con l\u2019ayahuasca, indicando un cammino sicuro \u2013 anche se difficile \u2013 che pu\u00f2 essere seguito da qualsiasi ricercatore si ponga su questo percorso.<\/p>\n<p>Rispetto all\u2019edizione brasiliana del 1988, questo volume \u00e8 corredato da tre interviste inedite (una del 1982 e due del 1988) nelle quali, fra gli altri temi, \u00e8 approfondita la questione dell\u2019origine della Santa Maria, come i daimisti chiamano la cannabis. Sebasti\u00e3o Mota conobbe infatti questa pianta attraverso una rivelazione spirituale e ne apprezz\u00f2 le qualit\u00e0 curative tanto da difenderne in tribunale l\u2019utilizzo all\u2019interno di cerimonie religiose.<\/p>\n<p><strong>CURATORI<\/strong><\/p>\n<p><strong>Rita Greg\u00f3rio de Melo<\/strong>, moglie di Padrino Sebasti\u00e3o, \u00e8 la matriarca e madrina della Dottrina del Santo Daime, oggi novantasettenne e residente nel\u00a0C\u00e9u do Mapi\u00e1, la comunit\u00e0 fondata da Padrino Sebasti\u00e3o nel cuore della foresta amazzonica.<\/p>\n<p><strong>Alfredo Greg\u00f3rio de Melo<\/strong>, figlio di Padrino\u00a0Sebasti\u00e3o e Madrina\u00a0Rita, \u00e8 il successore spirituale del padre e Maestro Immediato e Presidente del Consiglio Dottrinario dell\u2019iceflu (Igreja do Culto Ecl\u00e9tico da Fluente Luz Universal), la chiesa del Santo Daime, a livello mondiale. \u00c8 altres\u00ec il principale responsabile, fino a oggi, dell\u2019espansione del movimento a livello mondiale gi\u00e0 a partire dagli anni 1990.<\/p>\n<p><strong>Alex Polari de Alverga<\/strong> \u00e8 un ex-guerrigliero contro la dittatura militare in Brasile, poi discepolo di Padrino Sebasti\u00e3o e fondatore della comunit\u00e0 daimista\u00a0C\u00e9u da Montanha\u00a0nello Stato di Rio de Janeiro in Brasile. Anche lui \u00e8 uno dei punti riferimento per l\u2019espansione del Santo Daime a livello internazionale.<\/p>\n<p><em>\u00abSe gli uomini oggi non trovano se stessi, \u00e8 perch\u00e9 non si cercano. Non si deve cercare Dio dove non si pu\u00f2 trovare. Si deve cercare Dio dentro di s\u00e9, perch\u00e9 \u00e8 dove io l\u2019ho trovato. Non \u00e8 stato fuori, ma dentro di me che l\u2019ho trovato. Quindi sono questi i consigli che do a ciascuno dei miei fratelli, che mi accompagnano: avere una pratica perfetta dell\u2019\u201cIo Sono la vita. Io Sono la mente pura. Io Sono il pensiero reale\u201d. Io Sono tutto, insomma, fuori e dentro di ciascuno di noi\u00bb<\/em>.<\/p>\n","protected":false},"excerpt":{"rendered":"<p>A CURA DI ALEX POLARI DE ALVERGA<br \/>\nIl Vangelo di Sebasti\u00e3o Mota, discepolo di Mestre Irineu Serra, fondatore della religione del Santo Daime, che racchiude gli insegnamenti della dottrina della foresta.<\/p>\n","protected":false},"featured_media":5829,"template":"","meta":{"_acf_changed":false},"product_brand":[],"product_cat":[229,90,262,261],"product_tag":[],"class_list":{"0":"post-5826","1":"product","2":"type-product","3":"status-publish","4":"has-post-thumbnail","6":"product_cat-piante-sacre-cat","7":"product_cat-ricerca-interiore-cat","8":"product_cat-sebastiao-mota-de-melo-cat","9":"product_cat-stella-azzurra","11":"first","12":"instock","13":"shipping-taxable","14":"purchasable","15":"product-type-simple"},"acf":[],"_links":{"self":[{"href":"https:\/\/www.spaziointeriore.com\/casaeditrice\/wp-json\/wp\/v2\/product\/5826","targetHints":{"allow":["GET"]}}],"collection":[{"href":"https:\/\/www.spaziointeriore.com\/casaeditrice\/wp-json\/wp\/v2\/product"}],"about":[{"href":"https:\/\/www.spaziointeriore.com\/casaeditrice\/wp-json\/wp\/v2\/types\/product"}],"wp:featuredmedia":[{"embeddable":true,"href":"https:\/\/www.spaziointeriore.com\/casaeditrice\/wp-json\/wp\/v2\/media\/5829"}],"wp:attachment":[{"href":"https:\/\/www.spaziointeriore.com\/casaeditrice\/wp-json\/wp\/v2\/media?parent=5826"}],"wp:term":[{"taxonomy":"product_brand","embeddable":true,"href":"https:\/\/www.spaziointeriore.com\/casaeditrice\/wp-json\/wp\/v2\/product_brand?post=5826"},{"taxonomy":"product_cat","embeddable":true,"href":"https:\/\/www.spaziointeriore.com\/casaeditrice\/wp-json\/wp\/v2\/product_cat?post=5826"},{"taxonomy":"product_tag","embeddable":true,"href":"https:\/\/www.spaziointeriore.com\/casaeditrice\/wp-json\/wp\/v2\/product_tag?post=5826"}],"curies":[{"name":"wp","href":"https:\/\/api.w.org\/{rel}","templated":true}]}}